{"id":22010,"date":"2023-07-07T11:47:54","date_gmt":"2023-07-07T09:47:54","guid":{"rendered":"https:\/\/www.unidav.it\/?page_id=22010"},"modified":"2023-07-18T12:22:42","modified_gmt":"2023-07-18T10:22:42","slug":"af10-mediatore-familiare","status":"publish","type":"page","link":"https:\/\/www.unidav.it\/index.php\/corsi-di-alta-formazione\/af10-mediatore-familiare\/","title":{"rendered":"AF10 &#8211; MEDIATORE FAMILIARE"},"content":{"rendered":"\n<p style=\"text-align: center;\"><span style=\"color: #000000; font-size: 18pt;\"><strong>CORSO DI ALTA FORMAZIONE<\/strong><\/span><\/p>\n<p style=\"text-align: center;\"><span style=\"color: #000000; font-size: 18pt;\"><strong>MEDIATORE FAMILIARE<\/strong><\/span><span style=\"color: #000000; font-size: 18pt;\"><strong><br><\/strong><\/span><\/p>\n<p style=\"text-align: center;\"><span style=\"color: #000000; font-size: 14pt;\">(istituito con D.R. n. 66 del 04.07.2023)<\/span><\/p>\n<p style=\"text-align: center;\"><span style=\"font-size: 14pt;\">COORDINATORE<\/span><\/p>\n<p style=\"text-align: center;\"><span style=\"color: #000000;\"><span style=\"font-size: 14pt;\"><strong>Prof. Roberto VERALDI<\/strong><\/span><\/span><\/p>\n\n\n\n<table style=\"border-collapse: collapse; width: 100%; height: 348px;\">\n<tbody>\n<tr style=\"height: 20px;\">\n<td style=\"width: 21.3142%; background-color: #ffffff; border-color: #757575; text-align: left; height: 20px;\"><span style=\"font-size: 10pt; color: #000000;\">TIPOLOGIA<\/span><\/td>\n<td style=\"width: 78.6858%; background-color: #ffffff; border-color: #757575; text-align: left; height: 20px;\"><span style=\"color: #000000; font-size: 10pt;\">CORSO DI ALTA FORMAZIONE<\/span><\/td>\n<\/tr>\n<tr style=\"height: 20px;\">\n<td style=\"width: 21.3142%; background-color: #ffffff; border-color: #757575; text-align: left; height: 20px;\"><span style=\"font-size: 10pt; color: #000000;\">TITOLO<\/span><\/td>\n<td style=\"width: 78.6858%; background-color: #ffffff; border-color: #757575; text-align: left; height: 20px;\"><span style=\"color: #000000; font-size: 10pt;\">MEDIATORE FAMILIARE<\/span><\/td>\n<\/tr>\n<tr style=\"height: 20px;\">\n<td style=\"width: 21.3142%; background-color: #ffffff; border-color: #757575; text-align: left; height: 20px;\"><span style=\"font-size: 10pt; color: #000000;\">DATA APPROVAZIONE<\/span><\/td>\n<td style=\"width: 78.6858%; background-color: #ffffff; border-color: #757575; text-align: left; height: 20px;\"><span style=\"font-size: 10pt; color: #000000;\">Istituito con D.R. n. 66 del 04.07.2023<\/span><\/td>\n<\/tr>\n<tr style=\"height: 20px;\">\n<td style=\"width: 21.3142%; background-color: #ffffff; border-color: #757575; text-align: left; height: 20px;\"><span style=\"font-size: 10pt; color: #000000;\">DURATA<\/span><\/td>\n<td style=\"width: 78.6858%; background-color: #ffffff; border-color: #757575; text-align: left; height: 20px;\"><span style=\"font-size: 10pt; color: #000000;\">48 CFU &#8211; 1200 ore&nbsp;<\/span><\/td>\n<\/tr>\n<tr style=\"height: 20px;\">\n<td style=\"width: 21.3142%; background-color: #ffffff; border-color: #757575; text-align: left; height: 20px;\"><span style=\"font-size: 10pt; color: #000000;\">ANNO ACCADEMICO<\/span><\/td>\n<td style=\"width: 78.6858%; background-color: #ffffff; border-color: #757575; text-align: left; height: 20px;\"><span style=\"font-size: 10pt; color: #000000;\">A.A 2023 \/ 2024<\/span><\/td>\n<\/tr>\n<tr style=\"height: 20px;\">\n<td style=\"width: 21.3142%; background-color: #ffffff; border-color: #757575; text-align: left; height: 20px;\"><span style=\"font-size: 10pt; color: #000000;\">APERTURA ISCRIZIONI<\/span><\/td>\n<td style=\"width: 78.6858%; background-color: #ffffff; border-color: #757575; text-align: left; height: 20px;\"><span style=\"font-size: 10pt; color: #000000;\">dal 01 settembre al 05 ottobre 2023&nbsp;<\/span><\/td>\n<\/tr>\n<tr style=\"height: 20px;\">\n<td style=\"width: 21.3142%; background-color: #ffffff; border-color: #757575; text-align: left; height: 20px;\"><span style=\"font-size: 10pt; color: #000000;\">EROGAZIONE<\/span><\/td>\n<td style=\"width: 78.6858%; background-color: #ffffff; border-color: #757575; text-align: left; height: 20px;\"><span style=\"font-size: 10pt; color: #000000;\">In presenza e online tramite piattaforma telematica<\/span><\/td>\n<\/tr>\n<tr style=\"height: 20px;\">\n<td style=\"width: 21.3142%; background-color: #ffffff; border-color: #757575; text-align: left; height: 20px;\"><span style=\"font-size: 10pt; color: #000000;\">COORDINATORE<\/span><\/td>\n<td style=\"width: 78.6858%; background-color: #ffffff; border-color: #757575; text-align: left; height: 20px;\"><span style=\"font-size: 10pt; color: #000000;\">Prof. Roberto Veraldi<\/span><\/td>\n<\/tr>\n<tr style=\"height: 147px;\">\n<td style=\"width: 21.3142%; background-color: #ffffff; border-color: #757575; text-align: left; height: 147px;\"><span style=\"font-size: 10pt; color: #000000;\">PREINSCRIZIONE<\/span><\/td>\n<td style=\"width: 78.6858%; background-color: #ffffff; border-color: #757575; text-align: left; height: 147px;\">\n<p><span style=\"font-size: 10pt; color: #000000;\">Dalla data di pubblicazione del presente bando e fino al 31 agosto 2023, sar\u00e0 possibile preiscriversi, compilando il modulo allegato (All. A) e versando una quota di euro 200,00. Al momento dell\u2019immatricolazione, la quota di preiscrizione versata verr\u00e0 scorporata dalla quota di iscrizione al Corso.&nbsp;<\/span><span style=\"font-size: 10pt; color: #000000;\">In caso di mancata iscrizione, lo studente non avr\u00e0 diritto ad alcun rimborso. UNIDAV si impegna a restituire integralmente allo studente la quota versata, in caso di mancata attivazione del Corso.<\/span><\/p>\n<\/td>\n<\/tr>\n<tr style=\"height: 41px;\">\n<td style=\"width: 21.3142%; background-color: #ffffff; border-color: #757575; text-align: left; height: 41px;\"><span style=\"font-size: 10pt; color: #000000;\">QUOTA DI ISCRIZIONE<\/span><\/td>\n<td style=\"width: 78.6858%; background-color: #ffffff; border-color: #757575; height: 41px; text-align: justify;\">\n<p><span style=\"color: #000000; font-size: 10pt;\">La quota di iscrizione \u00e8 di \u20ac 4.000,00 comprensiva di tutto, senza spese ulteriori,&nbsp;fatti salvi i bolli virtuali, ove richiesti. La quota pu\u00f2 essere saldata in un\u2019unica soluzione o secondo il seguente schema di rateizzazione:<\/span><\/p>\n<p><strong><span style=\"color: #000000;\">I ANNO:<\/span><\/strong><\/p>\n<ul>\n<li><span style=\"color: #000000; font-size: 10pt;\">\u20ac 916,00 (novecentosedici\/00) all\u2019atto dell\u2019iscrizione, comprensiva di bollo virtuale;<\/span><\/li>\n<li><span style=\"color: #000000; font-size: 10pt;\">\u20ac 700,00 (settecento\/00) a 60 gg dall\u2019iscrizione;<\/span><\/li>\n<li><span style=\"color: #000000; font-size: 10pt;\">\u20ac 700,00 (settecento\/00\/00) a 120 gg dall\u2019iscrizione;<\/span><\/li>\n<li><span style=\"color: #000000; font-size: 10pt;\">\u20ac 700,00 (settecento\/00\/00) a 180 gg dall\u2019iscrizione;<\/span><\/li>\n<\/ul>\n<p><strong><span style=\"color: #000000;\">&nbsp;&nbsp; II ANNO:<\/span><\/strong><\/p>\n<ul>\n<li><span style=\"color: #000000; font-size: 10pt;\">\u20ac 500,00 (cinquecento\/00) all\u2019inizio del II anno;<\/span><\/li>\n<li><span style=\"color: #000000; font-size: 10pt;\">\u20ac 500,00 (cinquecento\/00) a 240 gg.<\/span><\/li>\n<\/ul>\n<p><span style=\"color: #000000; font-size: 10pt;\">Per coloro che abbiano <u>gi\u00e0 effettuato la preiscrizione<\/u>, la prima rata \u00e8 fissata <u>ad euro 716,00<\/u>, in quanto viene scorporata la somma di \u20ac 200,00 versata in acconto.<\/span><\/p>\n<\/td>\n<\/tr>\n<\/tbody>\n<\/table>\n\n\n<div class=\"lightweight-accordion bordered has-text-color has-background\"><details open><summary class=\"lightweight-accordion-title\" style=\"color:#ffffff;background:#800000;\"><span><strong>AREA DOWNLOAD<\/strong><\/span><\/summary><div class=\"lightweight-accordion-body\" style=\"border-color:#800000;\">\n\n<ul style=\"list-style-type: square;\">\n<li><a href=\"https:\/\/www.unidav.it\/wp-content\/uploads\/AF10_2023-07-07_Bando_Mediatore_familiare.pdf\" target=\"_blank\" rel=\"noopener\"><strong>2023-07-07 &#8211; A.A. 2023-2024 \/ A.A. 2024-2025 \u2013 Bando Mediatore familiare \u2013 PDF<\/strong><\/a><\/li>\n<li><a href=\"https:\/\/www.unidav.it\/wp-content\/uploads\/AF10_2023-07-07_modulo_preiscrizione_Mediatore_familiare.docx\" target=\"_blank\" rel=\"noopener\"><strong>2023-07-07 &#8211; Modulo preiscrizione Mediatore familiare \u2013 DOC<\/strong><\/a><\/li>\n<\/ul>\n\n<\/div><\/details><\/div>\n\n<p><\/p>\n<p style=\"text-align: justify;\"><span style=\"font-size: 14pt; color: #800000;\"><strong>DESCRIZIONE DEL CORSO<\/strong><\/span><\/p>\n<p style=\"text-align: justify;\"><span style=\"color: #000000;\">In un momento storico, post-pandemico, uno sguardo alle trasformazioni della struttura della Famiglia, in relazione ai cambiamenti sociali, mette in luce, da un lato, la \u2018complessit\u00e0 relazionale\u2019 che riflette, in una pluralizzazione delle forme familiari ed esperienze di convivenza, lo scenario sociale mobile ed incerto dello stare insieme; dall\u2019altro, \u00e8 il ciclo stesso di vita della famiglia che, cambiando, rispecchia la fluidit\u00e0 relazionale che investe ambiti sociali di convivenza. Si allungano i tempi del \u2018farsi famiglia\u2019, dalla nascita dei figli al momento in cui escono dal nucleo famigliare e le coppie di convivenza sono in aumento rispetto ai sempre pi\u00f9 brevi legami coniugali; fattori, questi, che hanno conseguenze nell\u2019organizzazione relazionale ed economica della vita familiare, degli spazi e della convivenza di affetti e tensioni quotidiane da gestire.<\/span><\/p>\n<p style=\"text-align: justify;\"><span style=\"color: #000000;\">Gli operatori del sociale sono i professionisti che colgono le trasformazioni dovute a questi cambiamenti e raccolgono istanze e bisogni di fronte ai quali sono chiamati ad intervenire. Ad oggi, in Abruzzo, un\u2019istantanea della Famiglia guarda la formazione di nuove tipologie di famiglie come risultato, in primis, dell\u2019incremento di separazioni e\/o di divorzi, a cui si aggiungono problematiche familiari, esplose in conseguenza a questa fase post-pandemica.<\/span><\/p>\n<p style=\"text-align: justify;\"><span style=\"color: #000000;\">Il conflitto famigliare, dunque, si infittisce in una trama di emozioni, tensioni, incomprensioni che comportano una rielaborazione di fondo sia del modello stesso di famiglia sia dei rapporti intra e infragenerazionali e dei rispettivi contenuti relazionali.<\/span><br><span style=\"color: #000000;\">Pertanto, si rende necessaria la reperibilit\u00e0 di nuovi Professionisti Mediatori Familiari da formare anche alla luce della recente Riforma del Processo Civile, ex Dlgs. N. 149\/2022 (cos\u00ec detta Legge Cartabia) che prevede l\u2019istituzione di Elenchi di Mediatori Familiari Qualificati, presso ogni Tribunale del territorio italiano e da poter collocare anche in diversi contesti lavorativi: pubblico (ad es. presso i Centri per la Famiglia, le Cooperative Sociali, i Consultori familiari, il Servizio Sociale Professionale) o privato, nonch\u00e9 in linea con la L.R. Abruzzo 28 Gennaio 2020 n.3.<\/span><\/p>\n<p><\/p>\n<p><span style=\"font-size: 14pt; color: #800000;\"><strong>DESTINATARI&nbsp;<\/strong><\/span><\/p>\n<p style=\"text-align: justify;\"><span style=\"color: #000000;\">Il Corso di Alta Formazione in Mediazione Familiare in Abruzzo pu\u00f2 rappresentare, quindi, una vera e propria risposta alla richiesta intercettata, sul territorio, rispetto alla professione del Mediatore Familiare ed una opportunit\u00e0 di crescita in merito all\u2019occupabilit\u00e0 di questa figura.<\/span><\/p>\n<p style=\"text-align: justify;\"><span style=\"color: #000000;\">L\u2019A.I.Me.F. (Associazione Italiana Mediatori Familiari) ha aderito alla Norma Tecnica UNI 11644 del 2016 che definisce i requisiti relativi all&#8217;attivit\u00e0 professionale del mediatore familiare in termini di conoscenza, abilit\u00e0 e competenza, in conformit\u00e0 al Quadro Europeo delle Qualifiche, che stabilisce anche una omogeneizzazione dei programmi di formazione promossi da enti pubblici e\/o privati e garantisce il livello qualitativo di formazione.<\/span><\/p>\n<p style=\"text-align: justify;\">\n<\/p><p style=\"text-align: justify;\"><\/p>\n\n\n<p>&nbsp;<\/p>\n<p style=\"text-align: center;\"><a href=\"https:\/\/www.unidav.it\/wp-content\/uploads\/AF10_2023-07-07_Bando_Mediatore_familiare.pdf\" target=\"_blank\" rel=\"noopener\"><strong><span style=\"font-size: 14pt;\">TUTTE LE INFORMAZIONI SONO DISPONIBILI SUL BANDO COMPLETO SCARICABILE QUI<\/span><\/strong><\/a><\/p>\n<p>&nbsp;<\/p>\n\n\n<a href=\"https:\/\/www.unidav.it\/wp-content\/uploads\/AF10_2023-07-07_Bando_Mediatore_familiare.pdf\" class=\"pdfemb-viewer\" style=\"\" data-width=\"max\" data-height=\"max\" data-toolbar=\"bottom\" data-toolbar-fixed=\"off\">AF10_2023-07-07_Bando_Mediatore_familiare<\/a>\n\n\n\n<p style=\"text-align: justify;\">\u00a0<\/p>\n<p><span style=\"font-size: 14pt;\"><strong><span style=\"color: #800000;\">MODALITA\u2019 DI ISCRIZIONE<\/span><\/strong><\/span><\/p>\n<p style=\"text-align: justify;\"><span style=\"color: #000000;\">L\u2019ammissione non prevede selezione. L\u2019iscrizione si effettua a partire dalla pubblicazione del 1\u00b0 settembre fino al 5 ottobre 2023, con possibilit\u00e0 di proroga. L\u2019iscrizione si effettua mediante la compilazione della domanda di immatricolazione e il caricamento della seguente documentazione obbligatoria (pena la mancata immatricolazione).<\/span><br \/><span style=\"color: #000000;\">&#8211; Scansione di un documento di identit\u00e0 in corso di validit\u00e0 (fronte\/retro)<\/span><br \/><span style=\"color: #000000;\">&#8211; Autocertificazione del diploma di maturit\u00e0 (durata quinquennale)<\/span><br \/><span style=\"color: #000000;\">&#8211; Autocertificazione del titolo di studio richiesto per l\u2019accesso <\/span><br \/><span style=\"color: #000000;\">&#8211; Ricevuta dell\u2019avvenuto pagamento della quota di iscrizione<\/span><\/p>\n<hr \/>\n<p style=\"text-align: justify;\">\u00a0<\/p>\n<p><strong><span style=\"color: #000000; font-size: 14pt;\">\u00c8 possibile scegliere tra due modalit\u00e0 di pagamento:<\/span><\/strong><\/p>\n<ul style=\"list-style-type: square;\">\n<li><span style=\"color: #000000;\"><strong>Pagamento On Line: <\/strong>tramite carta di credito dei principali circuiti o carta Possono essere accettati i seguenti strumenti di pagamento:<\/span>\n<ul>\n<li><span style=\"color: #000000;\">carte di credito VISA-MASTERCARD<\/span><\/li>\n<li><span style=\"color: #000000;\">carte PAGOBANCOMAT (inserite nei WALLET Bankpass Web)<\/span><\/li>\n<li><span style=\"color: #000000;\">carte prepagate VISA ELECTRON (abilitate agli acquisti su Internet)<\/span><\/li>\n<\/ul>\n<\/li>\n<\/ul>\n<p style=\"padding-left: 40px;\"><span style=\"color: #000000;\">La procedura prevede un collegamento al sito della banca per l\u2019inserimento degli estremi\u00a0della carta.<\/span><\/p>\n<ul style=\"list-style-type: square;\">\n<li style=\"text-align: justify;\"><span style=\"color: #000000;\"><strong>Pagamento tramite Banca\u00a0 su\u00a0 conto\u00a0 corrente\u00a0 intestato\u00a0 a\u00a0 Unidav: <\/strong>bonifico bancario presso la Banca popolare dell\u2019Emilia Coordinate bancarie: IBAN IT 74 A 05387 15501 000000 488016<strong>.\u00a0 Attenzione: \u00e8 indispensabile specificare nella causale del versamento \u201cNOME, COGNOME, ISCRIZIONE CORSO MEDIATORE FAMILIARE\u201d.\u00a0<\/strong><\/span><\/li>\n<\/ul>\n<p>\u00a0<\/p>\n<p>\u00a0<\/p>\n\n\n<div style=\"display:none\" class=\"fm-form-container fm-theme9\"><div id=\"fm-pages22\" class=\"fm-pages wdform_page_navigation \" show_title=\"\" show_numbers=\"1\" type=\"none\"><\/div><form name=\"form22\" action=\"\/index.php\/wp-json\/wp\/v2\/pages\/22010\" method=\"post\" id=\"form22\" class=\"fm-form form22  \" enctype=\"multipart\/form-data\"><input type=\"hidden\" id=\"fm_page_id22\" value=\"22010\" name=\"fm_page_id22\" \/><input type=\"hidden\" id=\"fm_current_post_type22\" value=\"page\" name=\"fm_current_post_type22\" \/><input type=\"hidden\" id=\"counter22\" value=\"8\" name=\"counter22\" \/><input type=\"hidden\" id=\"Itemid22\" value=\"\" name=\"Itemid22\" \/><input type=\"hidden\" id=\"fm_shake22\" value=\"1\" name=\"fm_shake22\" \/><input type=\"text\" class=\"fm-hide\" id=\"fm_empty_field_validation22\" value=\"\" name=\"fm_empty_field_validation22\" data-value=\"bd736efb144d599cf463541431fbf5c4\" \/><div class=\"wdform-page-and-images fm-form-builder\"><div id=\"22form_view1\" class=\"wdform_page\" page_title=\"Untitled page\" next_title=\"Next\" next_type=\"text\" next_class=\"wdform-page-button\" next_checkable=\"true\" previous_title=\"Previous\" previous_type=\"text\" previous_class=\"wdform-page-button\" previous_checkable=\"false\"><div class=\"wdform_section\"><div class=\"wdform_column\"><div wdid=\"7\" class=\"wdform_row\"><div type=\"type_own_select\" class=\"wdform-field wd-width-100 wd-flex wd-flex-row fm-type_own_select\" ><div class=\"wdform-label-section wd-width-30 wd-hidden wdform_select wd-flex-row\">    <label  for=\"wdform_7_element22\" class=\"wdform-label\">AF_INFO<\/label><span class=\"wdform-required\">*<\/span><\/div><div class=\"wdform-element-section wd-flex wdform_select wd-flex-row wd-width-100\" ><select class=\"wd-width-100\" id=\"wdform_7_element22\" name=\"wdform_7_element22\" ><option value=\"SELEZIONA IL CORSO DI ALTA FORMAZIONE\" selected=\"selected\">SELEZIONA IL CORSO DI ALTA FORMAZIONE<\/option><option value=\"AF10 \u2013 MEDIATORE FAMILIARE\" >AF10 \u2013 MEDIATORE FAMILIARE<\/option><option value=\"AF09 \u2013 I CONTRATTI PUBBLICI NELLA PROVINCIA AUTONOMA DI BOLZANO \u2013 ALTO ADIGE\" >AF09 \u2013 I CONTRATTI PUBBLICI NELLA PROVINCIA AUTONOMA DI BOLZANO \u2013 ALTO ADIGE<\/option><option value=\"AF08 \u2013 HEALTH COACHING E PROGRAMMAZIONE NEUROLINGUISTICA\" >AF08 \u2013 HEALTH COACHING E PROGRAMMAZIONE NEUROLINGUISTICA<\/option><option value=\"AF07 \u2013 TUTELA E VALORIZZAZIONE DEI BENI CULTURALI ECCLESIASTICI PER LO SVILUPPO TERRITORIALE\" >AF07 \u2013 TUTELA E VALORIZZAZIONE DEI BENI CULTURALI ECCLESIASTICI PER LO SVILUPPO TERRITORIALE<\/option><option value=\"AF06 \u2013 I CONTRATTI PUBBLICI NELLA PROVINCIA AUTONOMA DI BOLZANO \u2013 ALTO ADIGE\" >AF06 \u2013 I CONTRATTI PUBBLICI NELLA PROVINCIA AUTONOMA DI BOLZANO \u2013 ALTO ADIGE<\/option><option value=\"AF05 \u2013 Linguaggi e creativit\u00e0: il laboratorio nei servizi per l\u2019infanzia.\" >AF05 \u2013 Linguaggi e creativit\u00e0: il laboratorio nei servizi per l\u2019infanzia.<\/option><option value=\"AF04 \u2013 DIRITTO ed ECONOMIA per l\u2019IMPRESA\" >AF04 \u2013 DIRITTO ed ECONOMIA per l\u2019IMPRESA<\/option><option value=\"AF03 \u2013 CARRIERA NELLE AMMINISTRAZIONI CENTRALI, REGIONALI E LOCALI\" >AF03 \u2013 CARRIERA NELLE AMMINISTRAZIONI CENTRALI, REGIONALI E LOCALI<\/option><\/select><\/div><\/div><\/div><\/div><div class=\"wdform_column\"><div wdid=\"2\" class=\"wdform_row\"><div type=\"type_text\" class=\"wdform-field wd-width-100 wd-flex wd-flex-column fm-type_text\" ><div class=\"wdform-label-section wd-width-100  wd-flex-row wd-align-items-center\">    <label  for=\"wdform_2_element22\" class=\"wdform-label\">Nominativo<\/label><span class=\"wdform-required\">*<\/span><\/div><div class=\"wdform-element-section wd-flex  wd-flex-row wd-align-items-center wd-width-100\" ><input type=\"text\"                           class=\"wd-width-100\"                           id=\"wdform_2_element22\"                           name=\"wdform_2_element22\"                           value=\"\"                           data-value=\"\"                           title=\"\"                           placeholder=\"\"                                                       \/><\/div><\/div><\/div><\/div><div class=\"wdform_column\"><div wdid=\"6\" class=\"wdform_row\" style=\"position: relative; left: 0px; top: 0px;\"><div type=\"type_submitter_mail\" class=\"wdform-field wd-width-100 wd-flex wd-flex-column fm-type_submitter_mail\" ><div class=\"wdform-label-section wd-width-100  wd-flex-row\">    <label  for=\"wdform_6_element22\" class=\"wdform-label\">Email<\/label><span class=\"wdform-required\">*<\/span><\/div><div class=\"wdform-element-section wd-flex  wd-flex-row wd-width-100\" ><input type=\"text\" class=\"wd-width-100\" id=\"wdform_6_element22\" name=\"wdform_6_element22\" data-value=\"\" value=\"\" title=\"\" placeholder=\"\"   onchange=\"wd_check_email('6', '22', 'Questo non \u00e8 un indirizzo email valido.')\" \/><\/div><\/div><\/div><div wdid=\"4\" class=\"wdform_row\" style=\"position: relative; left: 0px; top: 0px;\"><div type=\"type_text\" class=\"wdform-field wd-width-100 wd-flex wd-flex-column fm-type_text\" ><div class=\"wdform-label-section wd-width-100  wd-flex-row wd-align-items-center\">    <label  for=\"wdform_4_element22\" class=\"wdform-label\">Cellulare<\/label><span class=\"wdform-required\">*<\/span><\/div><div class=\"wdform-element-section wd-flex  wd-flex-row wd-align-items-center wd-width-100\" ><input type=\"text\"                           class=\"wd-width-100\"                           id=\"wdform_4_element22\"                           name=\"wdform_4_element22\"                           value=\"\"                           data-value=\"\"                           title=\"\"                           placeholder=\"\"                                                       \/><\/div><\/div><\/div><\/div><div class=\"wdform_column\"><div wdid=\"5\" class=\"wdform_row\"><div type=\"type_textarea\" class=\"wdform-field wd-width-100 wd-flex wd-flex-column fm-type_textarea\" ><div class=\"wdform-label-section wd-width-100 \">    <label  for=\"wdform_5_element22\" class=\"wdform-label\">Dicci tutto<\/label><span class=\"wdform-required\">*<\/span><\/div><div class=\"wdform-element-section wd-flex  wd-width-100\" ><textarea class=\"wd-width-100\"                      id=\"wdform_5_element22\"                      name=\"wdform_5_element22\"                      placeholder=\"\"                      data-value=\"\"                      maxlength=\"\"                      style=\"height: 100px;\"                      ><\/textarea><\/div><\/div><\/div><\/div><div class=\"wdform_column\"><div wdid=\"1\" class=\"wdform_row\"><div type=\"type_gdpr_compliance_checkbox\" class=\"wdform-field wd-width-100 wd-flex wd-flex-column fm-type_gdpr_compliance_checkbox\" ><div class=\"wdform-element-section wd-flex  wd-flex-row wd-justify-content-left wd-width-100\" ><label for=\"fm_privacy_policy22\" class=\"wdform-label\">                                       <input id=\"fm_privacy_policy22\" name=\"fm_privacy_policy22\" class=\"wd-flex-row fm-gdpr-checkbox\" onclick=\"fm_privacy_policy_check(this)\" type=\"checkbox\" value=\"1\">Acconsento - Ai sensi dell'art. 13 del Regolamento Europeo 2016\/679 in materia di protezione dei dati personali, la informiamo che UNIDAV, titolare del trattamento, tratter\u00e0 tutti i dati da lei inseriti con modalit\u00e0 manuali, informatiche e telematiche, per finalit\u00e0 connesse e strumentali all'esecuzione di quanto da lei richiestoci. L\u2019Informativa completa \u00e8 disponibile sul sito dell'Ateneo  <a href=\"https:\/\/www.unidav.it\/index.php\/privacy-policy\/\" target=\"_blank\">Privacy Policy<\/a> .<\/label><\/div><\/div><div type=\"type_submit_reset\" class=\"wdform-field wd-width-100 wd-flex wd-flex-column fm-type_submit_reset\" ><div class=\"wdform-element-section wd-flex  wd-flex-row wd-justify-content-left wd-width-100\" ><button disabled=\"disabled\" type=\"button\" class=\"button-submit\" onclick=\"fm_submit_form('22');\"  data-ajax=\"0\"><span class=\"fm-submit-loading spinner fm-ico-spinner\"><\/span>INVIA<\/button><button  type=\"button\" class=\"button-reset wd-hidden\" onclick=\"fm_reset_form(22);\" >Reset<\/button><\/div><\/div><\/div><\/div><\/div><div valign=\"top\" class=\"wdform_footer wd-width-100\"><div class=\"wd-width-100\"><div class=\"wd-width-100 wd-table\" style=\"padding-top:10px;\"><div class=\"wd-table-group\"><div id=\"22page_nav1\" class=\"wd-table-row\"><\/div><\/div><\/div><\/div><\/div><\/div><\/div><div class=\"wdform_preload\"><\/div><input type=\"hidden\" name=\"fm-current-page\" value=\"https:\/\/www.unidav.it\/index.php\/wp-json\/wp\/v2\/pages\/22010\" \/><\/form><\/div>\n","protected":false},"excerpt":{"rendered":"<p>CORSO DI ALTA FORMAZIONE MEDIATORE FAMILIARE (istituito con D.R. n. 66 del 04.07.2023) COORDINATORE Prof. Roberto VERALDI TIPOLOGIA CORSO DI [&hellip;]<\/p>\n","protected":false},"author":1,"featured_media":14792,"parent":19296,"menu_order":0,"comment_status":"closed","ping_status":"closed","template":"","meta":{"footnotes":"","_links_to":"","_links_to_target":""},"categories":[173],"tags":[],"class_list":["post-22010","page","type-page","status-publish","has-post-thumbnail","hentry","category-corsi-di-alta-formazione"],"yoast_head":"<!-- This site is optimized with the Yoast SEO plugin v26.7 - https:\/\/yoast.com\/wordpress\/plugins\/seo\/ -->\r\n<title>AF10 - MEDIATORE FAMILIARE - Unidav.it<\/title>\r\n<meta name=\"robots\" content=\"index, follow, max-snippet:-1, max-image-preview:large, max-video-preview:-1\" \/>\r\n<link rel=\"canonical\" href=\"https:\/\/www.unidav.it\/index.php\/corsi-di-alta-formazione\/af10-mediatore-familiare\/\" \/>\r\n<meta property=\"og:locale\" content=\"it_IT\" \/>\r\n<meta property=\"og:type\" content=\"article\" \/>\r\n<meta property=\"og:title\" content=\"AF10 - MEDIATORE FAMILIARE - Unidav.it\" \/>\r\n<meta property=\"og:description\" content=\"CORSO DI ALTA FORMAZIONE MEDIATORE FAMILIARE (istituito con D.R. n. 66 del 04.07.2023) COORDINATORE Prof. Roberto VERALDI TIPOLOGIA CORSO DI [&hellip;]\" \/>\r\n<meta property=\"og:url\" content=\"https:\/\/www.unidav.it\/index.php\/corsi-di-alta-formazione\/af10-mediatore-familiare\/\" \/>\r\n<meta property=\"og:site_name\" content=\"Unidav.it\" \/>\r\n<meta property=\"article:publisher\" content=\"https:\/\/www.facebook.com\/unidav.it\/\" \/>\r\n<meta property=\"article:modified_time\" content=\"2023-07-18T10:22:42+00:00\" \/>\r\n<meta property=\"og:image\" content=\"https:\/\/www.unidav.it\/wp-content\/uploads\/Logo_Sfondo_FHD-Large.jpg\" \/>\r\n\t<meta property=\"og:image:width\" content=\"1920\" \/>\r\n\t<meta property=\"og:image:height\" content=\"1080\" \/>\r\n\t<meta property=\"og:image:type\" content=\"image\/jpeg\" \/>\r\n<meta name=\"twitter:card\" content=\"summary_large_image\" \/>\r\n<meta name=\"twitter:label1\" content=\"Tempo di lettura stimato\" \/>\n\t<meta name=\"twitter:data1\" content=\"5 minuti\" \/>\r\n<script type=\"application\/ld+json\" class=\"yoast-schema-graph\">{\"@context\":\"https:\/\/schema.org\",\"@graph\":[{\"@type\":\"WebPage\",\"@id\":\"https:\/\/www.unidav.it\/index.php\/corsi-di-alta-formazione\/af10-mediatore-familiare\/\",\"url\":\"https:\/\/www.unidav.it\/index.php\/corsi-di-alta-formazione\/af10-mediatore-familiare\/\",\"name\":\"AF10 - MEDIATORE FAMILIARE - Unidav.it\",\"isPartOf\":{\"@id\":\"https:\/\/www.unidav.it\/#website\"},\"primaryImageOfPage\":{\"@id\":\"https:\/\/www.unidav.it\/index.php\/corsi-di-alta-formazione\/af10-mediatore-familiare\/#primaryimage\"},\"image\":{\"@id\":\"https:\/\/www.unidav.it\/index.php\/corsi-di-alta-formazione\/af10-mediatore-familiare\/#primaryimage\"},\"thumbnailUrl\":\"https:\/\/www.unidav.it\/wp-content\/uploads\/Logo_Sfondo_FHD-Large.jpg\",\"datePublished\":\"2023-07-07T09:47:54+00:00\",\"dateModified\":\"2023-07-18T10:22:42+00:00\",\"breadcrumb\":{\"@id\":\"https:\/\/www.unidav.it\/index.php\/corsi-di-alta-formazione\/af10-mediatore-familiare\/#breadcrumb\"},\"inLanguage\":\"it-IT\",\"potentialAction\":[{\"@type\":\"ReadAction\",\"target\":[\"https:\/\/www.unidav.it\/index.php\/corsi-di-alta-formazione\/af10-mediatore-familiare\/\"]}]},{\"@type\":\"ImageObject\",\"inLanguage\":\"it-IT\",\"@id\":\"https:\/\/www.unidav.it\/index.php\/corsi-di-alta-formazione\/af10-mediatore-familiare\/#primaryimage\",\"url\":\"https:\/\/www.unidav.it\/wp-content\/uploads\/Logo_Sfondo_FHD-Large.jpg\",\"contentUrl\":\"https:\/\/www.unidav.it\/wp-content\/uploads\/Logo_Sfondo_FHD-Large.jpg\",\"width\":1920,\"height\":1080},{\"@type\":\"BreadcrumbList\",\"@id\":\"https:\/\/www.unidav.it\/index.php\/corsi-di-alta-formazione\/af10-mediatore-familiare\/#breadcrumb\",\"itemListElement\":[{\"@type\":\"ListItem\",\"position\":1,\"name\":\"Home\",\"item\":\"https:\/\/www.unidav.it\/\"},{\"@type\":\"ListItem\",\"position\":2,\"name\":\"Corsi di Alta Formazione\",\"item\":\"https:\/\/www.unidav.it\/index.php\/corsi-di-alta-formazione\/\"},{\"@type\":\"ListItem\",\"position\":3,\"name\":\"AF10 &#8211; MEDIATORE FAMILIARE\"}]},{\"@type\":\"WebSite\",\"@id\":\"https:\/\/www.unidav.it\/#website\",\"url\":\"https:\/\/www.unidav.it\/\",\"name\":\"Unidav.it\",\"description\":\"Universit\u00e0 Digitale Leonardo da Vinci\",\"potentialAction\":[{\"@type\":\"SearchAction\",\"target\":{\"@type\":\"EntryPoint\",\"urlTemplate\":\"https:\/\/www.unidav.it\/?s={search_term_string}\"},\"query-input\":{\"@type\":\"PropertyValueSpecification\",\"valueRequired\":true,\"valueName\":\"search_term_string\"}}],\"inLanguage\":\"it-IT\"}]}<\/script>\r\n<!-- \/ Yoast SEO plugin. -->","yoast_head_json":{"title":"AF10 - MEDIATORE FAMILIARE - Unidav.it","robots":{"index":"index","follow":"follow","max-snippet":"max-snippet:-1","max-image-preview":"max-image-preview:large","max-video-preview":"max-video-preview:-1"},"canonical":"https:\/\/www.unidav.it\/index.php\/corsi-di-alta-formazione\/af10-mediatore-familiare\/","og_locale":"it_IT","og_type":"article","og_title":"AF10 - MEDIATORE FAMILIARE - Unidav.it","og_description":"CORSO DI ALTA FORMAZIONE MEDIATORE FAMILIARE (istituito con D.R. n. 66 del 04.07.2023) COORDINATORE Prof. Roberto VERALDI TIPOLOGIA CORSO DI [&hellip;]","og_url":"https:\/\/www.unidav.it\/index.php\/corsi-di-alta-formazione\/af10-mediatore-familiare\/","og_site_name":"Unidav.it","article_publisher":"https:\/\/www.facebook.com\/unidav.it\/","article_modified_time":"2023-07-18T10:22:42+00:00","og_image":[{"width":1920,"height":1080,"url":"https:\/\/www.unidav.it\/wp-content\/uploads\/Logo_Sfondo_FHD-Large.jpg","type":"image\/jpeg"}],"twitter_card":"summary_large_image","twitter_misc":{"Tempo di lettura stimato":"5 minuti"},"schema":{"@context":"https:\/\/schema.org","@graph":[{"@type":"WebPage","@id":"https:\/\/www.unidav.it\/index.php\/corsi-di-alta-formazione\/af10-mediatore-familiare\/","url":"https:\/\/www.unidav.it\/index.php\/corsi-di-alta-formazione\/af10-mediatore-familiare\/","name":"AF10 - MEDIATORE FAMILIARE - Unidav.it","isPartOf":{"@id":"https:\/\/www.unidav.it\/#website"},"primaryImageOfPage":{"@id":"https:\/\/www.unidav.it\/index.php\/corsi-di-alta-formazione\/af10-mediatore-familiare\/#primaryimage"},"image":{"@id":"https:\/\/www.unidav.it\/index.php\/corsi-di-alta-formazione\/af10-mediatore-familiare\/#primaryimage"},"thumbnailUrl":"https:\/\/www.unidav.it\/wp-content\/uploads\/Logo_Sfondo_FHD-Large.jpg","datePublished":"2023-07-07T09:47:54+00:00","dateModified":"2023-07-18T10:22:42+00:00","breadcrumb":{"@id":"https:\/\/www.unidav.it\/index.php\/corsi-di-alta-formazione\/af10-mediatore-familiare\/#breadcrumb"},"inLanguage":"it-IT","potentialAction":[{"@type":"ReadAction","target":["https:\/\/www.unidav.it\/index.php\/corsi-di-alta-formazione\/af10-mediatore-familiare\/"]}]},{"@type":"ImageObject","inLanguage":"it-IT","@id":"https:\/\/www.unidav.it\/index.php\/corsi-di-alta-formazione\/af10-mediatore-familiare\/#primaryimage","url":"https:\/\/www.unidav.it\/wp-content\/uploads\/Logo_Sfondo_FHD-Large.jpg","contentUrl":"https:\/\/www.unidav.it\/wp-content\/uploads\/Logo_Sfondo_FHD-Large.jpg","width":1920,"height":1080},{"@type":"BreadcrumbList","@id":"https:\/\/www.unidav.it\/index.php\/corsi-di-alta-formazione\/af10-mediatore-familiare\/#breadcrumb","itemListElement":[{"@type":"ListItem","position":1,"name":"Home","item":"https:\/\/www.unidav.it\/"},{"@type":"ListItem","position":2,"name":"Corsi di Alta Formazione","item":"https:\/\/www.unidav.it\/index.php\/corsi-di-alta-formazione\/"},{"@type":"ListItem","position":3,"name":"AF10 &#8211; MEDIATORE FAMILIARE"}]},{"@type":"WebSite","@id":"https:\/\/www.unidav.it\/#website","url":"https:\/\/www.unidav.it\/","name":"Unidav.it","description":"Universit\u00e0 Digitale Leonardo da Vinci","potentialAction":[{"@type":"SearchAction","target":{"@type":"EntryPoint","urlTemplate":"https:\/\/www.unidav.it\/?s={search_term_string}"},"query-input":{"@type":"PropertyValueSpecification","valueRequired":true,"valueName":"search_term_string"}}],"inLanguage":"it-IT"}]}},"_links":{"self":[{"href":"https:\/\/www.unidav.it\/index.php\/wp-json\/wp\/v2\/pages\/22010","targetHints":{"allow":["GET"]}}],"collection":[{"href":"https:\/\/www.unidav.it\/index.php\/wp-json\/wp\/v2\/pages"}],"about":[{"href":"https:\/\/www.unidav.it\/index.php\/wp-json\/wp\/v2\/types\/page"}],"author":[{"embeddable":true,"href":"https:\/\/www.unidav.it\/index.php\/wp-json\/wp\/v2\/users\/1"}],"replies":[{"embeddable":true,"href":"https:\/\/www.unidav.it\/index.php\/wp-json\/wp\/v2\/comments?post=22010"}],"version-history":[{"count":0,"href":"https:\/\/www.unidav.it\/index.php\/wp-json\/wp\/v2\/pages\/22010\/revisions"}],"up":[{"embeddable":true,"href":"https:\/\/www.unidav.it\/index.php\/wp-json\/wp\/v2\/pages\/19296"}],"wp:featuredmedia":[{"embeddable":true,"href":"https:\/\/www.unidav.it\/index.php\/wp-json\/wp\/v2\/media\/14792"}],"wp:attachment":[{"href":"https:\/\/www.unidav.it\/index.php\/wp-json\/wp\/v2\/media?parent=22010"}],"wp:term":[{"taxonomy":"category","embeddable":true,"href":"https:\/\/www.unidav.it\/index.php\/wp-json\/wp\/v2\/categories?post=22010"},{"taxonomy":"post_tag","embeddable":true,"href":"https:\/\/www.unidav.it\/index.php\/wp-json\/wp\/v2\/tags?post=22010"}],"curies":[{"name":"wp","href":"https:\/\/api.w.org\/{rel}","templated":true}]}}