{"id":19293,"date":"2022-07-18T12:37:58","date_gmt":"2022-07-18T10:37:58","guid":{"rendered":"https:\/\/www.unidav.it\/?page_id=19293"},"modified":"2023-08-07T18:00:15","modified_gmt":"2023-08-07T16:00:15","slug":"af-05-linguaggi-e-creativita-il-laboratorio-nei-servizi-per-linfanzia","status":"publish","type":"page","link":"https:\/\/www.unidav.it\/index.php\/corsi-di-alta-formazione\/af-05-linguaggi-e-creativita-il-laboratorio-nei-servizi-per-linfanzia\/","title":{"rendered":"AF05 &#8211; Linguaggi e creativit\u00e0: il laboratorio nei servizi per l\u2019infanzia."},"content":{"rendered":"<p><img decoding=\"async\" class=\"aligncenter size-full wp-image-19319\" src=\"https:\/\/www.unidav.it\/wp-content\/uploads\/AF05_Img_Home_FHD_scritte.jpg\" alt=\"\" width=\"1920\" height=\"1080\" srcset=\"https:\/\/www.unidav.it\/wp-content\/uploads\/AF05_Img_Home_FHD_scritte.jpg 1920w, https:\/\/www.unidav.it\/wp-content\/uploads\/AF05_Img_Home_FHD_scritte-300x169.jpg 300w, https:\/\/www.unidav.it\/wp-content\/uploads\/AF05_Img_Home_FHD_scritte-1024x576.jpg 1024w, https:\/\/www.unidav.it\/wp-content\/uploads\/AF05_Img_Home_FHD_scritte-150x84.jpg 150w, https:\/\/www.unidav.it\/wp-content\/uploads\/AF05_Img_Home_FHD_scritte-768x432.jpg 768w, https:\/\/www.unidav.it\/wp-content\/uploads\/AF05_Img_Home_FHD_scritte-1536x864.jpg 1536w, https:\/\/www.unidav.it\/wp-content\/uploads\/AF05_Img_Home_FHD_scritte-500x281.jpg 500w, https:\/\/www.unidav.it\/wp-content\/uploads\/AF05_Img_Home_FHD_scritte-800x450.jpg 800w, https:\/\/www.unidav.it\/wp-content\/uploads\/AF05_Img_Home_FHD_scritte-1280x720.jpg 1280w\" sizes=\"(max-width: 1920px) 100vw, 1920px\" \/><\/p>\n\n\n<p><span style=\"font-size: 18pt; color: #800000;\"><strong>ANNO ACCADEMICO 2023 \/ 2024<\/strong><\/span><\/p>\n<p><span style=\"color: #000000;\"><span style=\"font-size: 24px;\"><b>CORSO DI ALTA FORMAZIONE &#8211; II EDIZIONE IN\u00a0<\/b><\/span><\/span><\/p>\n<p><span style=\"color: #000000;\"><strong><span style=\"font-size: 18pt;\">LINGUAGGI E CREATIVITA\u2019: IL LABORATORIO NEI SERVIZI PER L\u2019INFANZIA (cod. AF05)<\/span><\/strong><\/span><br \/><span style=\"color: #000000;\">(istituito con con D.R. n. 76 del 03\/08\/2023)<\/span><\/p>\n<p>\u00a0<\/p>\n<p><span style=\"color: #000000;\">COORDINATORE <\/span><br \/><span style=\"color: #000000;\"><strong>Prof.ssa Ilaria FILOGRASSO<\/strong><\/span><\/p>\n<p>\u00a0<\/p>\n<table style=\"width: 100%; height: 440px;\">\n<tbody>\n<tr style=\"border-color: #000000;\">\n<td style=\"background-color: #ffffff; text-align: left; vertical-align: middle; border-style: solid; border-color: #000000; height: 69px;\" width=\"226\">\n<p><span style=\"font-size: 14pt; color: #000000;\">Durata del corso<\/span><\/p>\n<\/td>\n<td style=\"background-color: #ffffff; text-align: left; vertical-align: middle; border-style: solid; border-color: #000000; height: 69px;\" width=\"415\">\n<p><span style=\"font-size: 14pt; color: #000000;\">1500 ore \u2013 60 cfu<\/span><\/p>\n<\/td>\n<\/tr>\n<tr style=\"height: 69px;\">\n<td style=\"background-color: #ffffff; text-align: left; vertical-align: middle; border-style: solid; border-color: #000000; height: 69px;\" width=\"226\">\n<p><span style=\"font-size: 14pt; color: #000000;\">Periodo iscrizioni<\/span><\/p>\n<\/td>\n<td style=\"background-color: #ffffff; text-align: left; vertical-align: middle; border-style: solid; border-color: #000000; height: 69px;\" width=\"415\">\n<p><span style=\"color: #800000;\"><strong>ISCRIZIONI SEMPRE APERTE A.A. 2023\/2024<\/strong><\/span><\/p>\n<\/td>\n<\/tr>\n<tr style=\"height: 65px;\">\n<td style=\"background-color: #ffffff; text-align: left; vertical-align: middle; border-style: solid; border-color: #000000; height: 65px;\"><span style=\"font-size: 14pt; color: #000000;\">Modalit\u00e0 di ammissione<\/span><\/td>\n<td style=\"background-color: #ffffff; text-align: left; vertical-align: middle; border-style: solid; border-color: #000000; height: 65px;\">\n<p><span style=\"font-size: 18.6667px; color: #000000;\"><span style=\"font-size: 14pt; color: #000000;\">L\u2019ammissione non prevede selezione.<\/span><\/span><\/p>\n<\/td>\n<\/tr>\n<tr style=\"height: 69px;\">\n<td style=\"background-color: #ffffff; text-align: left; vertical-align: middle; border-style: solid; border-color: #000000; height: 69px;\" width=\"226\">\n<p><span style=\"font-size: 14pt; color: #000000;\">Modalit\u00e0 didattica<\/span><\/p>\n<\/td>\n<td style=\"background-color: #ffffff; text-align: left; vertical-align: middle; border-style: solid; border-color: #000000; height: 69px;\" width=\"415\">\n<p><span style=\"font-size: 14pt; color: #000000;\">On line tramite piattaforma telematica<\/span><\/p>\n<\/td>\n<\/tr>\n<tr style=\"height: 99px;\">\n<td style=\"background-color: #ffffff; text-align: left; vertical-align: middle; border-style: solid; border-color: #000000; height: 99px;\"><span style=\"font-size: 14pt; color: #000000;\">Quota di partecipazione<\/span><\/td>\n<td style=\"background-color: #ffffff; text-align: left; vertical-align: middle; border-style: solid; border-color: #000000; height: 99px;\">\n<p><span style=\"color: #000000;\">La quota di iscrizione \u00e8 di<strong> \u20ac 1.000,00 comprensiva di tutto<\/strong>, senza spese ulteriori, fatti salvi i bolli virtuali, ove richiesti. La quota pu\u00f2 essere saldata in un\u2019unica soluzione o in due rate:<\/span><\/p>\n<ul>\n<li><span style=\"color: #000000;\">\u20ac 516,00 (cinquecentosedici\/00) all\u2019atto dell\u2019iscrizione, comprensiva di bollo virtuale;<\/span><\/li>\n<li><span style=\"color: #000000;\">\u20ac 500,00 (cinquecento\/00) a 60 gg dall\u2019iscrizione.<\/span><\/li>\n<\/ul>\n<\/td>\n<\/tr>\n<\/tbody>\n<\/table>\n\n\n<div class=\"lightweight-accordion bordered has-text-color has-background\"><details open><summary class=\"lightweight-accordion-title\" style=\"color:#ffffff;background:#800000;\"><span><strong>AREA DOWNLOAD<\/strong><\/span><\/summary><div class=\"lightweight-accordion-body\" style=\"border-color:#800000;\">\n\n<ul style=\"list-style-type: square;\">\n<li><a href=\"https:\/\/www.unidav.it\/wp-content\/uploads\/AF05_AA-2023-2024_II_EDIZIONE_LINGUAGGI_CREATIVIITA.pdf\" target=\"_blank\" rel=\"noopener\"><strong>A.A. 2023-2024 \u2013 AF05 \u2013 Bando II edizione \u2013 PDF<\/strong><\/a><\/li>\n<li><a href=\"https:\/\/www.unidav.it\/wp-content\/uploads\/AF05_2022-07-29_LINGUAGGI_CREATIVIITA.pdf\" target=\"_blank\" rel=\"noopener\"><strong>A.A. 2022-2023 \u2013 AF05 \u2013 Bando I edizione \u2013 PDF<\/strong><\/a><\/li>\n<\/ul>\n\n<\/div><\/details><\/div>\n\n\n<p>\u00a0<\/p>\n<p><span style=\"color: #800000; font-size: 14pt;\"><strong>DESCRIZIONE, FINALITA\u2019 E DESTINATARI DEL CORSO<\/strong><\/span><\/p>\n<p style=\"text-align: justify;\"><span style=\"color: #000000;\">Nei servizi educativi per l\u2019infanzia il laboratorio rappresenta una fondamentale risorsa della proposta educativa e didattica, qualificando progettualit\u00e0 realmente complesse e inclusive. In tale prospettiva, le pi\u00f9 recenti indicazioni nazionali, tra cui gli Orientamenti nazionali per i servizi educativi per l\u2019infanzia (2022), riconoscono il laboratorio come spazio privilegiato per favorire l\u2019espressione personale dei bambini e delle bambine, concorrendo a determinare la qualit\u00e0 degli ambienti educativi. Il laboratorio stimola le abilit\u00e0 comunicative, che diventano anche strumenti conoscitivi e di arricchimento dell\u2019esperienza, promuovendo l\u2019integrazione e la combinazione di diversi linguaggi.<\/span><\/p>\n<p style=\"text-align: justify;\"><span style=\"color: #000000;\">In tal senso, il Corso di Alta Formazione in \u201cLINGUAGGI E CREATIVITA\u2019: IL LABORATORIO NEI SERVIZI PER L\u2019INFANZIA\u201d si focalizza sul ruolo dei linguaggi e della creativit\u00e0, individuando in essi due dimensioni privilegiate per la promozione di contesti educativi rispettosi deli diritti e delle potenzialit\u00e0 di bambini e bambine e per la progettazione di curricoli orientati alla continuit\u00e0 educativa orizzontale e verticale.<\/span><br \/><span style=\"color: #000000;\">In sintesi, in un quadro di crescente complessit\u00e0 socio-educativa, il Corso di Alta Formazione si propone di offrire conoscenze e competenze strategiche nei servizi per l\u2019infanzia, concorrendo alla formazione di professionisti altamente qualificati.<\/span><\/p>\n<p style=\"text-align: justify;\"><span style=\"color: #000000;\">Il corso \u00e8 <strong>destinato a diplomati e laureati che gi\u00e0 operano nei servizi per l\u2019infanzia<\/strong> e vogliono incrementare il proprio bagaglio di conoscenze e competenze professionali sulle strategie laboratoriali, con specifico riferimento ai linguaggi e alla creativit\u00e0. Il Corso di Alta Formazione, altres\u00ec, <strong>si rivolge a giovani inoccupati in possesso di diploma o laurea che sono orientati a indirizzare la propria professione nei servizi 0-6<\/strong>, in un contesto lavorativo in continua evoluzione che richiede saperi sempre pi\u00f9 specialistici e qualificati.<\/span><\/p>\n<p style=\"text-align: justify;\"><span style=\"color: #000000;\">Il Corso di Alta Formazione in in \u201cLINGUAGGI E CREATIVITA\u2019: IL LABORATORIO NEI SERVIZI PER L\u2019INFANZIA\u201d conferisce 60 CFU in settori scientifico-disciplinari di area prevalentemente pedagogica, i quali possono essere utilizzati per <strong>iscriversi al corso di laurea triennale in Scienze dell\u2019Educazione e della Formazione (L19) dell\u2019Universit\u00e0 Telematica \u201cLeonardo da Vinci\u201d<\/strong>.<\/span><\/p>\n\n\n\n<p>\u00a0<\/p>\n<p style=\"text-align: center;\"><a href=\"https:\/\/www.unidav.it\/wp-content\/uploads\/AF05_AA-2023-2024_II_EDIZIONE_LINGUAGGI_CREATIVIITA.pdf\" target=\"_blank\" rel=\"noopener\"><strong><span style=\"font-size: 14pt;\">TUTTE LE INFORMAZIONI SONO DISPONIBILI SUL BANDO COMPLETO SCARICABILE QUI<\/span><\/strong><\/a><\/p>\n<p>\u00a0<\/p>\n\n\n<a href=\"https:\/\/www.unidav.it\/wp-content\/uploads\/AF05_AA-2023-2024_II_EDIZIONE_LINGUAGGI_CREATIVIITA.pdf\" class=\"pdfemb-viewer\" style=\"\" data-width=\"max\" data-height=\"max\" data-toolbar=\"bottom\" data-toolbar-fixed=\"off\">AF05_AA-2023-2024_II_EDIZIONE_LINGUAGGI_CREATIVIITA<\/a>\n\n\n\n<p>\u00a0<\/p>\n<p><span style=\"font-size: 14pt;\"><strong><span style=\"color: #800000;\">MODALITA\u2019 DI ISCRIZIONE<\/span><\/strong><\/span><\/p>\n<p style=\"text-align: justify;\"><span style=\"color: #000000;\">L\u2019ammissione non prevede selezione. L\u2019iscrizione si effettua mediante la compilazione della domanda di immatricolazione e il caricamento della seguente documentazione obbligatoria (pena la mancata immatricolazione):<\/span><\/p>\n<ul>\n<li style=\"text-align: justify;\"><span style=\"color: #000000;\">Scansione di un documento di identit\u00e0 in corso di validit\u00e0 (fronte\/retro)<\/span><\/li>\n<li style=\"text-align: justify;\"><span style=\"color: #000000;\">Autocertificazione del diploma di maturit\u00e0 (durata quinquennale)<\/span><\/li>\n<li style=\"text-align: justify;\"><span style=\"color: #000000;\">Autocertificazione del titolo di studio richiesto per l\u2019accesso al percorso scelto<\/span><\/li>\n<li style=\"text-align: justify;\"><span style=\"color: #000000;\">Ricevuta dell\u2019avvenuto pagamento della quota di iscrizione<\/span><\/li>\n<li style=\"text-align: justify;\"><span style=\"color: #000000;\">Scansione della foto formato tessera (almeno 266&#215;354 pxl) a color<\/span>i<\/li>\n<\/ul>\n<p style=\"text-align: justify;\"><span style=\"color: #000000;\">Per accedere alla domanda, \u00e8 necessario collegarsi all\u2019area di<\/span> <a href=\"https:\/\/unidav.esse3.cineca.it\/Home.do\"><strong>Segreteria online<\/strong><\/a>, <span style=\"color: #000000;\">dal \u201cMenu\u201d selezionare \u201cLogin\u201d e accedere utilizzando le credenziali di accesso ai servizi web dell\u2019Ateneo, rilasciate al completamento della procedura di registrazione al sito (vedi<\/span> <a href=\"https:\/\/www.unidav.it\/wp-content\/uploads\/2022-03-22_GUIDA_Reg_Servizi_Web.pdf\"><strong>Guida<\/strong><\/a> <a href=\"https:\/\/www.unidav.it\/wp-content\/uploads\/2022-03-22_GUIDA_Reg_Servizi_Web.pdf\"><strong>alla<\/strong> <strong>registrazione<\/strong> <strong>web<\/strong><\/a>). <span style=\"color: #000000;\">L\u2019immatricolazione sar\u00e0 perfezionata previa approvazione, da parte della segreteria studenti, della documentazione prodotta.<\/span><\/p>\n<p><span style=\"color: #000000;\">La procedura dettagliata \u00e8 riportata nella<\/span> <a href=\"https:\/\/www.unidav.it\/wp-content\/uploads\/2022-03-22_GUIDA_IMMATRICOLAZIONE.pdf\"><strong>Guida per la presentazione online della<\/strong><\/a> <a href=\"https:\/\/www.unidav.it\/wp-content\/uploads\/2022-03-22_GUIDA_IMMATRICOLAZIONE.pdf\"><strong>domanda di immatricolazione<\/strong><strong>.<\/strong><\/a><\/p>\n<p><span style=\"color: #000000;\">\u00c8 possibile scegliere tra due modalit\u00e0 di pagamento:<\/span><\/p>\n<ul style=\"list-style-type: square;\">\n<li><span style=\"color: #000000;\"><strong>Pagamento On Line: <\/strong>tramite carta di credito dei principali circuiti o carta Possono essere accettati i seguenti strumenti di pagamento:<\/span>\n<ul>\n<li><span style=\"color: #000000;\">carte di credito VISA-MASTERCARD<\/span><\/li>\n<li><span style=\"color: #000000;\">carte PAGOBANCOMAT (inserite nei WALLET Bankpass Web)<\/span><\/li>\n<li><span style=\"color: #000000;\">carte prepagate VISA ELECTRON (abilitate agli acquisti su Internet)<\/span><\/li>\n<\/ul>\n<\/li>\n<\/ul>\n<p style=\"padding-left: 40px;\"><span style=\"color: #000000;\">La procedura prevede un collegamento al sito della banca per l\u2019inserimento degli estremi\u00a0della carta.<\/span><\/p>\n<ul style=\"list-style-type: square;\">\n<li style=\"text-align: justify;\"><span style=\"color: #000000;\"><strong>Pagamento tramite Banca\u00a0 su\u00a0 conto\u00a0 corrente\u00a0 intestato\u00a0 a\u00a0 Unidav: <\/strong>bonifico bancario presso la Banca popolare dell\u2019Emilia Coordinate bancarie: IBAN IT 74 A 05387 15501 000000 488016<strong>. Attenzione: <\/strong><u>\u00e8 indispensabile specificare nella causale<\/u> <u>del versamento nome e cognome dell\u2019immatricolato e il codice identificativo del corso<\/u>. <strong>In mancanza della ricevuta, il versamento non potr\u00e0 essere attributo al versante<\/strong>.<\/span><\/li>\n<\/ul>\n<p>\u00a0<\/p>\n<p style=\"text-align: justify;\"><span style=\"color: #000000;\">L\u2019immatricolazione sar\u00e0 perfezionata <u>previa approvazione<\/u>, da parte della segreteria studenti, della documentazione prodotta.<\/span><\/p>\n<p style=\"text-align: justify;\"><span style=\"color: #000000;\">L\u2019Universit\u00e0 Telematica \u201cL. da Vinci\u201d confermer\u00e0 tramite e-mail l\u2019avvenuta immatricolazione dando comunicazione del numero di matricola e del link di accesso alla piattaforma didattica.<\/span><\/p>\n<p><span style=\"color: #000000;\"><strong><em>Non saranno prese in considerazione le domande non firmate.<\/em><\/strong><\/span><\/p>\n\n\n\n<p>\u00a0<\/p>\n<p style=\"text-align: center;\"><a href=\"https:\/\/unidav.esse3.cineca.it\/AddressBook\/ABStartProcessoRegAction.do\" target=\"_blank\" rel=\"noopener\"><img decoding=\"async\" class=\"alignnone size-medium\" src=\"https:\/\/www.unidav.it\/wp-content\/uploads\/Iscriviti_1b.jpg\" width=\"500\" height=\"100\" \/><\/a><\/p>\n<p>\u00a0<\/p>\n<h5 class=\"fittexted_for_content_h5\"><span style=\"font-size: 14pt; color: #800000;\"><strong>Per maggiori informazioni o per chiarimenti, compila senza impegno il modulo, sarai ricontattato al pi\u00f9 presto<\/strong><\/span><\/h5>\n<p>I campi contrassegnati con\u00a0<span class=\"ninja-forms-req-symbol\">*<\/span>\u00a0sono obbligatori.<\/p>\n\n\n<div style=\"display:none\" class=\"fm-form-container fm-theme9\"><div id=\"fm-pages22\" class=\"fm-pages wdform_page_navigation \" show_title=\"\" show_numbers=\"1\" type=\"none\"><\/div><form name=\"form22\" action=\"\/index.php\/wp-json\/wp\/v2\/pages\/19293\" method=\"post\" id=\"form22\" class=\"fm-form form22  \" enctype=\"multipart\/form-data\"><input type=\"hidden\" id=\"fm_page_id22\" value=\"19293\" name=\"fm_page_id22\" \/><input type=\"hidden\" id=\"fm_current_post_type22\" value=\"page\" name=\"fm_current_post_type22\" \/><input type=\"hidden\" id=\"counter22\" value=\"8\" name=\"counter22\" \/><input type=\"hidden\" id=\"Itemid22\" value=\"\" name=\"Itemid22\" \/><input type=\"hidden\" id=\"fm_shake22\" value=\"1\" name=\"fm_shake22\" \/><input type=\"text\" class=\"fm-hide\" id=\"fm_empty_field_validation22\" value=\"\" name=\"fm_empty_field_validation22\" data-value=\"bd736efb144d599cf463541431fbf5c4\" \/><div class=\"wdform-page-and-images fm-form-builder\"><div id=\"22form_view1\" class=\"wdform_page\" page_title=\"Untitled page\" next_title=\"Next\" next_type=\"text\" next_class=\"wdform-page-button\" next_checkable=\"true\" previous_title=\"Previous\" previous_type=\"text\" previous_class=\"wdform-page-button\" previous_checkable=\"false\"><div class=\"wdform_section\"><div class=\"wdform_column\"><div wdid=\"7\" class=\"wdform_row\"><div type=\"type_own_select\" class=\"wdform-field wd-width-100 wd-flex wd-flex-row fm-type_own_select\" ><div class=\"wdform-label-section wd-width-30 wd-hidden wdform_select wd-flex-row\">    <label  for=\"wdform_7_element22\" class=\"wdform-label\">AF_INFO<\/label><span class=\"wdform-required\">*<\/span><\/div><div class=\"wdform-element-section wd-flex wdform_select wd-flex-row wd-width-100\" ><select class=\"wd-width-100\" id=\"wdform_7_element22\" name=\"wdform_7_element22\" ><option value=\"SELEZIONA IL CORSO DI ALTA FORMAZIONE\" selected=\"selected\">SELEZIONA IL CORSO DI ALTA FORMAZIONE<\/option><option value=\"AF10 \u2013 MEDIATORE FAMILIARE\" >AF10 \u2013 MEDIATORE FAMILIARE<\/option><option value=\"AF09 \u2013 I CONTRATTI PUBBLICI NELLA PROVINCIA AUTONOMA DI BOLZANO \u2013 ALTO ADIGE\" >AF09 \u2013 I CONTRATTI PUBBLICI NELLA PROVINCIA AUTONOMA DI BOLZANO \u2013 ALTO ADIGE<\/option><option value=\"AF08 \u2013 HEALTH COACHING E PROGRAMMAZIONE NEUROLINGUISTICA\" >AF08 \u2013 HEALTH COACHING E PROGRAMMAZIONE NEUROLINGUISTICA<\/option><option value=\"AF07 \u2013 TUTELA E VALORIZZAZIONE DEI BENI CULTURALI ECCLESIASTICI PER LO SVILUPPO TERRITORIALE\" >AF07 \u2013 TUTELA E VALORIZZAZIONE DEI BENI CULTURALI ECCLESIASTICI PER LO SVILUPPO TERRITORIALE<\/option><option value=\"AF06 \u2013 I CONTRATTI PUBBLICI NELLA PROVINCIA AUTONOMA DI BOLZANO \u2013 ALTO ADIGE\" >AF06 \u2013 I CONTRATTI PUBBLICI NELLA PROVINCIA AUTONOMA DI BOLZANO \u2013 ALTO ADIGE<\/option><option value=\"AF05 \u2013 Linguaggi e creativit\u00e0: il laboratorio nei servizi per l\u2019infanzia.\" >AF05 \u2013 Linguaggi e creativit\u00e0: il laboratorio nei servizi per l\u2019infanzia.<\/option><option value=\"AF04 \u2013 DIRITTO ed ECONOMIA per l\u2019IMPRESA\" >AF04 \u2013 DIRITTO ed ECONOMIA per l\u2019IMPRESA<\/option><option value=\"AF03 \u2013 CARRIERA NELLE AMMINISTRAZIONI CENTRALI, REGIONALI E LOCALI\" >AF03 \u2013 CARRIERA NELLE AMMINISTRAZIONI CENTRALI, REGIONALI E LOCALI<\/option><\/select><\/div><\/div><\/div><\/div><div class=\"wdform_column\"><div wdid=\"2\" class=\"wdform_row\"><div type=\"type_text\" class=\"wdform-field wd-width-100 wd-flex wd-flex-column fm-type_text\" ><div class=\"wdform-label-section wd-width-100  wd-flex-row wd-align-items-center\">    <label  for=\"wdform_2_element22\" class=\"wdform-label\">Nominativo<\/label><span class=\"wdform-required\">*<\/span><\/div><div class=\"wdform-element-section wd-flex  wd-flex-row wd-align-items-center wd-width-100\" ><input type=\"text\"                           class=\"wd-width-100\"                           id=\"wdform_2_element22\"                           name=\"wdform_2_element22\"                           value=\"\"                           data-value=\"\"                           title=\"\"                           placeholder=\"\"                                                       \/><\/div><\/div><\/div><\/div><div class=\"wdform_column\"><div wdid=\"6\" class=\"wdform_row\" style=\"position: relative; left: 0px; top: 0px;\"><div type=\"type_submitter_mail\" class=\"wdform-field wd-width-100 wd-flex wd-flex-column fm-type_submitter_mail\" ><div class=\"wdform-label-section wd-width-100  wd-flex-row\">    <label  for=\"wdform_6_element22\" class=\"wdform-label\">Email<\/label><span class=\"wdform-required\">*<\/span><\/div><div class=\"wdform-element-section wd-flex  wd-flex-row wd-width-100\" ><input type=\"text\" class=\"wd-width-100\" id=\"wdform_6_element22\" name=\"wdform_6_element22\" data-value=\"\" value=\"\" title=\"\" placeholder=\"\"   onchange=\"wd_check_email('6', '22', 'Questo non \u00e8 un indirizzo email valido.')\" \/><\/div><\/div><\/div><div wdid=\"4\" class=\"wdform_row\" style=\"position: relative; left: 0px; top: 0px;\"><div type=\"type_text\" class=\"wdform-field wd-width-100 wd-flex wd-flex-column fm-type_text\" ><div class=\"wdform-label-section wd-width-100  wd-flex-row wd-align-items-center\">    <label  for=\"wdform_4_element22\" class=\"wdform-label\">Cellulare<\/label><span class=\"wdform-required\">*<\/span><\/div><div class=\"wdform-element-section wd-flex  wd-flex-row wd-align-items-center wd-width-100\" ><input type=\"text\"                           class=\"wd-width-100\"                           id=\"wdform_4_element22\"                           name=\"wdform_4_element22\"                           value=\"\"                           data-value=\"\"                           title=\"\"                           placeholder=\"\"                                                       \/><\/div><\/div><\/div><\/div><div class=\"wdform_column\"><div wdid=\"5\" class=\"wdform_row\"><div type=\"type_textarea\" class=\"wdform-field wd-width-100 wd-flex wd-flex-column fm-type_textarea\" ><div class=\"wdform-label-section wd-width-100 \">    <label  for=\"wdform_5_element22\" class=\"wdform-label\">Dicci tutto<\/label><span class=\"wdform-required\">*<\/span><\/div><div class=\"wdform-element-section wd-flex  wd-width-100\" ><textarea class=\"wd-width-100\"                      id=\"wdform_5_element22\"                      name=\"wdform_5_element22\"                      placeholder=\"\"                      data-value=\"\"                      maxlength=\"\"                      style=\"height: 100px;\"                      ><\/textarea><\/div><\/div><\/div><\/div><div class=\"wdform_column\"><div wdid=\"1\" class=\"wdform_row\"><div type=\"type_gdpr_compliance_checkbox\" class=\"wdform-field wd-width-100 wd-flex wd-flex-column fm-type_gdpr_compliance_checkbox\" ><div class=\"wdform-element-section wd-flex  wd-flex-row wd-justify-content-left wd-width-100\" ><label for=\"fm_privacy_policy22\" class=\"wdform-label\">                                       <input id=\"fm_privacy_policy22\" name=\"fm_privacy_policy22\" class=\"wd-flex-row fm-gdpr-checkbox\" onclick=\"fm_privacy_policy_check(this)\" type=\"checkbox\" value=\"1\">Acconsento - Ai sensi dell'art. 13 del Regolamento Europeo 2016\/679 in materia di protezione dei dati personali, la informiamo che UNIDAV, titolare del trattamento, tratter\u00e0 tutti i dati da lei inseriti con modalit\u00e0 manuali, informatiche e telematiche, per finalit\u00e0 connesse e strumentali all'esecuzione di quanto da lei richiestoci. L\u2019Informativa completa \u00e8 disponibile sul sito dell'Ateneo  <a href=\"https:\/\/www.unidav.it\/index.php\/privacy-policy\/\" target=\"_blank\">Privacy Policy<\/a> .<\/label><\/div><\/div><div type=\"type_submit_reset\" class=\"wdform-field wd-width-100 wd-flex wd-flex-column fm-type_submit_reset\" ><div class=\"wdform-element-section wd-flex  wd-flex-row wd-justify-content-left wd-width-100\" ><button disabled=\"disabled\" type=\"button\" class=\"button-submit\" onclick=\"fm_submit_form('22');\"  data-ajax=\"0\"><span class=\"fm-submit-loading spinner fm-ico-spinner\"><\/span>INVIA<\/button><button  type=\"button\" class=\"button-reset wd-hidden\" onclick=\"fm_reset_form(22);\" >Reset<\/button><\/div><\/div><\/div><\/div><\/div><div valign=\"top\" class=\"wdform_footer wd-width-100\"><div class=\"wd-width-100\"><div class=\"wd-width-100 wd-table\" style=\"padding-top:10px;\"><div class=\"wd-table-group\"><div id=\"22page_nav1\" class=\"wd-table-row\"><\/div><\/div><\/div><\/div><\/div><\/div><\/div><div class=\"wdform_preload\"><\/div><input type=\"hidden\" name=\"fm-current-page\" value=\"https:\/\/www.unidav.it\/index.php\/wp-json\/wp\/v2\/pages\/19293\" \/><\/form><\/div>\n","protected":false},"excerpt":{"rendered":"<p>ANNO ACCADEMICO 2023 \/ 2024 CORSO DI ALTA FORMAZIONE &#8211; II EDIZIONE IN\u00a0 LINGUAGGI E CREATIVITA\u2019: IL LABORATORIO NEI SERVIZI [&hellip;]<\/p>\n","protected":false},"author":1,"featured_media":19319,"parent":19296,"menu_order":0,"comment_status":"closed","ping_status":"closed","template":"","meta":{"footnotes":"","_links_to":"","_links_to_target":""},"categories":[173],"tags":[],"class_list":["post-19293","page","type-page","status-publish","has-post-thumbnail","hentry","category-corsi-di-alta-formazione"],"yoast_head":"<!-- This site is optimized with the Yoast SEO plugin v26.7 - https:\/\/yoast.com\/wordpress\/plugins\/seo\/ -->\r\n<title>AF05 - Linguaggi e creativit\u00e0: il laboratorio nei servizi per l\u2019infanzia. - Unidav.it<\/title>\r\n<meta name=\"robots\" content=\"index, follow, max-snippet:-1, max-image-preview:large, max-video-preview:-1\" \/>\r\n<link rel=\"canonical\" href=\"https:\/\/www.unidav.it\/index.php\/corsi-di-alta-formazione\/af-05-linguaggi-e-creativita-il-laboratorio-nei-servizi-per-linfanzia\/\" \/>\r\n<meta property=\"og:locale\" content=\"it_IT\" \/>\r\n<meta property=\"og:type\" content=\"article\" \/>\r\n<meta property=\"og:title\" content=\"AF05 - Linguaggi e creativit\u00e0: il laboratorio nei servizi per l\u2019infanzia. - Unidav.it\" \/>\r\n<meta property=\"og:description\" content=\"ANNO ACCADEMICO 2023 \/ 2024 CORSO DI ALTA FORMAZIONE &#8211; II EDIZIONE IN\u00a0 LINGUAGGI E CREATIVITA\u2019: IL LABORATORIO NEI SERVIZI [&hellip;]\" \/>\r\n<meta property=\"og:url\" content=\"https:\/\/www.unidav.it\/index.php\/corsi-di-alta-formazione\/af-05-linguaggi-e-creativita-il-laboratorio-nei-servizi-per-linfanzia\/\" \/>\r\n<meta property=\"og:site_name\" content=\"Unidav.it\" \/>\r\n<meta property=\"article:publisher\" content=\"https:\/\/www.facebook.com\/unidav.it\/\" \/>\r\n<meta property=\"article:modified_time\" content=\"2023-08-07T16:00:15+00:00\" \/>\r\n<meta property=\"og:image\" content=\"https:\/\/www.unidav.it\/wp-content\/uploads\/AF05_Img_Home_FHD_scritte.jpg\" \/>\r\n\t<meta property=\"og:image:width\" content=\"1920\" \/>\r\n\t<meta property=\"og:image:height\" content=\"1080\" \/>\r\n\t<meta property=\"og:image:type\" content=\"image\/jpeg\" \/>\r\n<meta name=\"twitter:card\" content=\"summary_large_image\" \/>\r\n<meta name=\"twitter:label1\" content=\"Tempo di lettura stimato\" \/>\n\t<meta name=\"twitter:data1\" content=\"4 minuti\" \/>\r\n<script type=\"application\/ld+json\" class=\"yoast-schema-graph\">{\"@context\":\"https:\/\/schema.org\",\"@graph\":[{\"@type\":\"WebPage\",\"@id\":\"https:\/\/www.unidav.it\/index.php\/corsi-di-alta-formazione\/af-05-linguaggi-e-creativita-il-laboratorio-nei-servizi-per-linfanzia\/\",\"url\":\"https:\/\/www.unidav.it\/index.php\/corsi-di-alta-formazione\/af-05-linguaggi-e-creativita-il-laboratorio-nei-servizi-per-linfanzia\/\",\"name\":\"AF05 - Linguaggi e creativit\u00e0: il laboratorio nei servizi per l\u2019infanzia. - Unidav.it\",\"isPartOf\":{\"@id\":\"https:\/\/www.unidav.it\/#website\"},\"primaryImageOfPage\":{\"@id\":\"https:\/\/www.unidav.it\/index.php\/corsi-di-alta-formazione\/af-05-linguaggi-e-creativita-il-laboratorio-nei-servizi-per-linfanzia\/#primaryimage\"},\"image\":{\"@id\":\"https:\/\/www.unidav.it\/index.php\/corsi-di-alta-formazione\/af-05-linguaggi-e-creativita-il-laboratorio-nei-servizi-per-linfanzia\/#primaryimage\"},\"thumbnailUrl\":\"https:\/\/www.unidav.it\/wp-content\/uploads\/AF05_Img_Home_FHD_scritte.jpg\",\"datePublished\":\"2022-07-18T10:37:58+00:00\",\"dateModified\":\"2023-08-07T16:00:15+00:00\",\"breadcrumb\":{\"@id\":\"https:\/\/www.unidav.it\/index.php\/corsi-di-alta-formazione\/af-05-linguaggi-e-creativita-il-laboratorio-nei-servizi-per-linfanzia\/#breadcrumb\"},\"inLanguage\":\"it-IT\",\"potentialAction\":[{\"@type\":\"ReadAction\",\"target\":[\"https:\/\/www.unidav.it\/index.php\/corsi-di-alta-formazione\/af-05-linguaggi-e-creativita-il-laboratorio-nei-servizi-per-linfanzia\/\"]}]},{\"@type\":\"ImageObject\",\"inLanguage\":\"it-IT\",\"@id\":\"https:\/\/www.unidav.it\/index.php\/corsi-di-alta-formazione\/af-05-linguaggi-e-creativita-il-laboratorio-nei-servizi-per-linfanzia\/#primaryimage\",\"url\":\"https:\/\/www.unidav.it\/wp-content\/uploads\/AF05_Img_Home_FHD_scritte.jpg\",\"contentUrl\":\"https:\/\/www.unidav.it\/wp-content\/uploads\/AF05_Img_Home_FHD_scritte.jpg\",\"width\":1920,\"height\":1080},{\"@type\":\"BreadcrumbList\",\"@id\":\"https:\/\/www.unidav.it\/index.php\/corsi-di-alta-formazione\/af-05-linguaggi-e-creativita-il-laboratorio-nei-servizi-per-linfanzia\/#breadcrumb\",\"itemListElement\":[{\"@type\":\"ListItem\",\"position\":1,\"name\":\"Home\",\"item\":\"https:\/\/www.unidav.it\/\"},{\"@type\":\"ListItem\",\"position\":2,\"name\":\"Corsi di Alta Formazione\",\"item\":\"https:\/\/www.unidav.it\/index.php\/corsi-di-alta-formazione\/\"},{\"@type\":\"ListItem\",\"position\":3,\"name\":\"AF05 &#8211; Linguaggi e creativit\u00e0: il laboratorio nei servizi per l\u2019infanzia.\"}]},{\"@type\":\"WebSite\",\"@id\":\"https:\/\/www.unidav.it\/#website\",\"url\":\"https:\/\/www.unidav.it\/\",\"name\":\"Unidav.it\",\"description\":\"Universit\u00e0 Digitale Leonardo da Vinci\",\"potentialAction\":[{\"@type\":\"SearchAction\",\"target\":{\"@type\":\"EntryPoint\",\"urlTemplate\":\"https:\/\/www.unidav.it\/?s={search_term_string}\"},\"query-input\":{\"@type\":\"PropertyValueSpecification\",\"valueRequired\":true,\"valueName\":\"search_term_string\"}}],\"inLanguage\":\"it-IT\"}]}<\/script>\r\n<!-- \/ Yoast SEO plugin. -->","yoast_head_json":{"title":"AF05 - Linguaggi e creativit\u00e0: il laboratorio nei servizi per l\u2019infanzia. - Unidav.it","robots":{"index":"index","follow":"follow","max-snippet":"max-snippet:-1","max-image-preview":"max-image-preview:large","max-video-preview":"max-video-preview:-1"},"canonical":"https:\/\/www.unidav.it\/index.php\/corsi-di-alta-formazione\/af-05-linguaggi-e-creativita-il-laboratorio-nei-servizi-per-linfanzia\/","og_locale":"it_IT","og_type":"article","og_title":"AF05 - Linguaggi e creativit\u00e0: il laboratorio nei servizi per l\u2019infanzia. - Unidav.it","og_description":"ANNO ACCADEMICO 2023 \/ 2024 CORSO DI ALTA FORMAZIONE &#8211; II EDIZIONE IN\u00a0 LINGUAGGI E CREATIVITA\u2019: IL LABORATORIO NEI SERVIZI [&hellip;]","og_url":"https:\/\/www.unidav.it\/index.php\/corsi-di-alta-formazione\/af-05-linguaggi-e-creativita-il-laboratorio-nei-servizi-per-linfanzia\/","og_site_name":"Unidav.it","article_publisher":"https:\/\/www.facebook.com\/unidav.it\/","article_modified_time":"2023-08-07T16:00:15+00:00","og_image":[{"width":1920,"height":1080,"url":"https:\/\/www.unidav.it\/wp-content\/uploads\/AF05_Img_Home_FHD_scritte.jpg","type":"image\/jpeg"}],"twitter_card":"summary_large_image","twitter_misc":{"Tempo di lettura stimato":"4 minuti"},"schema":{"@context":"https:\/\/schema.org","@graph":[{"@type":"WebPage","@id":"https:\/\/www.unidav.it\/index.php\/corsi-di-alta-formazione\/af-05-linguaggi-e-creativita-il-laboratorio-nei-servizi-per-linfanzia\/","url":"https:\/\/www.unidav.it\/index.php\/corsi-di-alta-formazione\/af-05-linguaggi-e-creativita-il-laboratorio-nei-servizi-per-linfanzia\/","name":"AF05 - Linguaggi e creativit\u00e0: il laboratorio nei servizi per l\u2019infanzia. - Unidav.it","isPartOf":{"@id":"https:\/\/www.unidav.it\/#website"},"primaryImageOfPage":{"@id":"https:\/\/www.unidav.it\/index.php\/corsi-di-alta-formazione\/af-05-linguaggi-e-creativita-il-laboratorio-nei-servizi-per-linfanzia\/#primaryimage"},"image":{"@id":"https:\/\/www.unidav.it\/index.php\/corsi-di-alta-formazione\/af-05-linguaggi-e-creativita-il-laboratorio-nei-servizi-per-linfanzia\/#primaryimage"},"thumbnailUrl":"https:\/\/www.unidav.it\/wp-content\/uploads\/AF05_Img_Home_FHD_scritte.jpg","datePublished":"2022-07-18T10:37:58+00:00","dateModified":"2023-08-07T16:00:15+00:00","breadcrumb":{"@id":"https:\/\/www.unidav.it\/index.php\/corsi-di-alta-formazione\/af-05-linguaggi-e-creativita-il-laboratorio-nei-servizi-per-linfanzia\/#breadcrumb"},"inLanguage":"it-IT","potentialAction":[{"@type":"ReadAction","target":["https:\/\/www.unidav.it\/index.php\/corsi-di-alta-formazione\/af-05-linguaggi-e-creativita-il-laboratorio-nei-servizi-per-linfanzia\/"]}]},{"@type":"ImageObject","inLanguage":"it-IT","@id":"https:\/\/www.unidav.it\/index.php\/corsi-di-alta-formazione\/af-05-linguaggi-e-creativita-il-laboratorio-nei-servizi-per-linfanzia\/#primaryimage","url":"https:\/\/www.unidav.it\/wp-content\/uploads\/AF05_Img_Home_FHD_scritte.jpg","contentUrl":"https:\/\/www.unidav.it\/wp-content\/uploads\/AF05_Img_Home_FHD_scritte.jpg","width":1920,"height":1080},{"@type":"BreadcrumbList","@id":"https:\/\/www.unidav.it\/index.php\/corsi-di-alta-formazione\/af-05-linguaggi-e-creativita-il-laboratorio-nei-servizi-per-linfanzia\/#breadcrumb","itemListElement":[{"@type":"ListItem","position":1,"name":"Home","item":"https:\/\/www.unidav.it\/"},{"@type":"ListItem","position":2,"name":"Corsi di Alta Formazione","item":"https:\/\/www.unidav.it\/index.php\/corsi-di-alta-formazione\/"},{"@type":"ListItem","position":3,"name":"AF05 &#8211; Linguaggi e creativit\u00e0: il laboratorio nei servizi per l\u2019infanzia."}]},{"@type":"WebSite","@id":"https:\/\/www.unidav.it\/#website","url":"https:\/\/www.unidav.it\/","name":"Unidav.it","description":"Universit\u00e0 Digitale Leonardo da Vinci","potentialAction":[{"@type":"SearchAction","target":{"@type":"EntryPoint","urlTemplate":"https:\/\/www.unidav.it\/?s={search_term_string}"},"query-input":{"@type":"PropertyValueSpecification","valueRequired":true,"valueName":"search_term_string"}}],"inLanguage":"it-IT"}]}},"_links":{"self":[{"href":"https:\/\/www.unidav.it\/index.php\/wp-json\/wp\/v2\/pages\/19293","targetHints":{"allow":["GET"]}}],"collection":[{"href":"https:\/\/www.unidav.it\/index.php\/wp-json\/wp\/v2\/pages"}],"about":[{"href":"https:\/\/www.unidav.it\/index.php\/wp-json\/wp\/v2\/types\/page"}],"author":[{"embeddable":true,"href":"https:\/\/www.unidav.it\/index.php\/wp-json\/wp\/v2\/users\/1"}],"replies":[{"embeddable":true,"href":"https:\/\/www.unidav.it\/index.php\/wp-json\/wp\/v2\/comments?post=19293"}],"version-history":[{"count":0,"href":"https:\/\/www.unidav.it\/index.php\/wp-json\/wp\/v2\/pages\/19293\/revisions"}],"up":[{"embeddable":true,"href":"https:\/\/www.unidav.it\/index.php\/wp-json\/wp\/v2\/pages\/19296"}],"wp:featuredmedia":[{"embeddable":true,"href":"https:\/\/www.unidav.it\/index.php\/wp-json\/wp\/v2\/media\/19319"}],"wp:attachment":[{"href":"https:\/\/www.unidav.it\/index.php\/wp-json\/wp\/v2\/media?parent=19293"}],"wp:term":[{"taxonomy":"category","embeddable":true,"href":"https:\/\/www.unidav.it\/index.php\/wp-json\/wp\/v2\/categories?post=19293"},{"taxonomy":"post_tag","embeddable":true,"href":"https:\/\/www.unidav.it\/index.php\/wp-json\/wp\/v2\/tags?post=19293"}],"curies":[{"name":"wp","href":"https:\/\/api.w.org\/{rel}","templated":true}]}}